{"id":429,"date":"2025-03-13T11:03:00","date_gmt":"2025-03-13T11:03:00","guid":{"rendered":"https:\/\/www.carewell.es\/?page_id=429"},"modified":"2025-03-13T11:05:06","modified_gmt":"2025-03-13T11:05:06","slug":"paula-alonso","status":"publish","type":"page","link":"https:\/\/www.carewell.es\/index.php\/paula-alonso\/","title":{"rendered":"Paula Alonso"},"content":{"rendered":"<p>[vc_row][vc_column][vc_column_text css=&#8221;.vc_custom_1741863718122{padding-bottom: 2% !important;}&#8221;]<img decoding=\"async\" class=\"alignnone wp-image-428 size-thumbnail\" src=\"https:\/\/www.carewell.es\/wp-content\/uploads\/2025\/03\/unnamed-150x150.png\" alt=\"\" width=\"150\" height=\"150\" srcset=\"https:\/\/www.carewell.es\/wp-content\/uploads\/2025\/03\/unnamed-150x150.png 150w, https:\/\/www.carewell.es\/wp-content\/uploads\/2025\/03\/unnamed-300x300.png 300w, https:\/\/www.carewell.es\/wp-content\/uploads\/2025\/03\/unnamed.png 500w\" sizes=\"(max-width: 150px) 100vw, 150px\" \/>[\/vc_column_text]<h3 class=\"grve-element grve-title grve-align-left grve-h3\" style=\"\"><span><strong>Paula Alonso<\/strong><span class=\"grve-title-line grve-bg-primary-1\" style=\"width: 250px;height: 2px;\"><\/span><\/span><\/h3>[vc_column_text]<\/p>\n<p>Paula Alonso es Doctora en Ciencias Sociales y del Comportamiento por la Universidade da Coru\u00f1a. Licenciada en Sociolog\u00eda, se ha especializado en migraciones internacionales cursando del \u201cM\u00e1ster Oficial de Migraciones Internacionales: investigaci\u00f3n, pol\u00edticas migratorias y mediaci\u00f3n intercultural\u201d, de la Universidade da Coru\u00f1a (UDC). Actualmente, tiene un contrato como profesora Ayudante Doctora en Departamento de Sociolog\u00eda y Antropolog\u00eda de la Universidad de La Laguna. Anteriormente, fue investigadora postodoctoral Margarita Salas. Entre 2015 y 2021 desempe\u00f1\u00f3 tareas como T\u00e9cnica de Investigaci\u00f3n del Equipo de Investigaci\u00f3n Sociedades en Movimiento (ESOMI-UDC) y como PDI en la Universidade da Coru\u00f1a y Universidade de Vigo. Sus l\u00edneas de investigaci\u00f3n se centran en el uso de los tiempos educativos y sociales en adolescentes migrantes, estrategias educativas de familias migrantes, procesos de socializaci\u00f3n de menores migrantes y pol\u00edtica educativa.<\/p>\n<p><a id=\"m_-4193162697226740775LPlnk638793\" href=\"https:\/\/portalciencia.ull.es\/investigadores\/1301664\/detalle\" target=\"_blank\" rel=\"noopener\" data-saferedirecturl=\"https:\/\/www.google.com\/url?q=https:\/\/portalciencia.ull.es\/investigadores\/1301664\/detalle&amp;source=gmail&amp;ust=1741870811784000&amp;usg=AOvVaw2gTCXa0yRS2bF55GKmRk-9\">https:\/\/portalciencia.ull.es\/<wbr \/>investigadores\/1301664\/detalle<\/a><\/p>\n<p><strong><u><a id=\"m_-4193162697226740775LPlnkOWAa9fdd6fa-d131-14df-0029-d59fd98fbf6c\" href=\"mailto:palonso@ull.edu.es\" target=\"_blank\" rel=\"noopener\">palonso@ull.edu.es<\/a><\/u><\/strong><\/p>\n<p>[\/vc_column_text][\/vc_column][\/vc_row][vc_row][vc_column]<div class=\"grve-empty-space\" style=\"height: 500px;\"><\/div>[\/vc_column][\/vc_row]<\/p>\n","protected":false},"excerpt":{"rendered":"<p>[vc_row][vc_column][vc_column_text css=&#8221;.vc_custom_1741863718122{padding-bottom: 2% !important;}&#8221;][\/vc_column_text][vc_column_text] Paula Alonso es Doctora en Ciencias Sociales y del Comportamiento por la Universidade da Coru\u00f1a. Licenciada en Sociolog\u00eda, se ha especializado en migraciones internacionales cursando del \u201cM\u00e1ster Oficial de Migraciones Internacionales: investigaci\u00f3n, pol\u00edticas migratorias y mediaci\u00f3n intercultural\u201d, de la Universidade da Coru\u00f1a (UDC). Actualmente, tiene un contrato como profesora Ayudante Doctora [&hellip;]<\/p>\n","protected":false},"author":1,"featured_media":0,"parent":0,"menu_order":0,"comment_status":"closed","ping_status":"closed","template":"","meta":{"footnotes":""},"class_list":["post-429","page","type-page","status-publish","hentry"],"_links":{"self":[{"href":"https:\/\/www.carewell.es\/index.php\/wp-json\/wp\/v2\/pages\/429","targetHints":{"allow":["GET"]}}],"collection":[{"href":"https:\/\/www.carewell.es\/index.php\/wp-json\/wp\/v2\/pages"}],"about":[{"href":"https:\/\/www.carewell.es\/index.php\/wp-json\/wp\/v2\/types\/page"}],"author":[{"embeddable":true,"href":"https:\/\/www.carewell.es\/index.php\/wp-json\/wp\/v2\/users\/1"}],"replies":[{"embeddable":true,"href":"https:\/\/www.carewell.es\/index.php\/wp-json\/wp\/v2\/comments?post=429"}],"version-history":[{"count":3,"href":"https:\/\/www.carewell.es\/index.php\/wp-json\/wp\/v2\/pages\/429\/revisions"}],"predecessor-version":[{"id":431,"href":"https:\/\/www.carewell.es\/index.php\/wp-json\/wp\/v2\/pages\/429\/revisions\/431"}],"wp:attachment":[{"href":"https:\/\/www.carewell.es\/index.php\/wp-json\/wp\/v2\/media?parent=429"}],"curies":[{"name":"wp","href":"https:\/\/api.w.org\/{rel}","templated":true}]}}