{"id":225,"date":"2025-01-24T13:18:44","date_gmt":"2025-01-24T13:18:44","guid":{"rendered":"https:\/\/www.carewell.es\/?page_id=225"},"modified":"2025-01-24T13:18:44","modified_gmt":"2025-01-24T13:18:44","slug":"andrea-souto-garcia","status":"publish","type":"page","link":"https:\/\/www.carewell.es\/index.php\/andrea-souto-garcia\/","title":{"rendered":"Andrea Souto Garc\u00eda"},"content":{"rendered":"<p>[vc_row][vc_column][vc_column_text css=&#8221;.vc_custom_1737724701846{padding-bottom: 2% !important;}&#8221;]<img decoding=\"async\" class=\"alignnone wp-image-226 size-thumbnail\" src=\"http:\/\/www.carewell.es\/wp-content\/uploads\/2025\/01\/Andrea_souto-150x150.jpg\" alt=\"\" width=\"150\" height=\"150\" srcset=\"https:\/\/www.carewell.es\/wp-content\/uploads\/2025\/01\/Andrea_souto-150x150.jpg 150w, https:\/\/www.carewell.es\/wp-content\/uploads\/2025\/01\/Andrea_souto-300x300.jpg 300w, https:\/\/www.carewell.es\/wp-content\/uploads\/2025\/01\/Andrea_souto.jpg 500w\" sizes=\"(max-width: 150px) 100vw, 150px\" \/>[\/vc_column_text]<h3 class=\"grve-element grve-title grve-align-left grve-h3\" style=\"\"><span><strong>Andrea Souto Garc\u00eda<\/strong><span class=\"grve-title-line grve-bg-primary-1\" style=\"width: 250px;height: 2px;\"><\/span><\/span><\/h3>[vc_column_text]Andrea Souto es doctora en Ciencias Sociales y del Comportamiento -con menci\u00f3n internacional- por la Universidade da Coru\u00f1a (2022). Tiene un M\u00e1ster en Migraciones Internacionales por la Universt\u00e9 de Poitiers, Francia (2016) y es graduada en Sociolog\u00eda por la Universidade da Coru\u00f1a (2014), donde es tambi\u00e9n profesora sustituta en la Facultad de Sociolog\u00eda.\u00a0 Es miembro del ESOMI desde 2017. Realiz\u00f3 su\u00a0tesis \u201cColombianas en Espa\u00f1a y brasileiras en Portugal. Un an\u00e1lisis interseccional de las migraciones de las mujeres en el espacio transnacional\/poscolonial\u201d, con un contrato FPU y bajo la direcci\u00f3n de Laura Oso.<\/p>\n<p>En la actualidad es investigadora posdoctoral en el proyecto europeo\u00a0<a href=\"https:\/\/jp-demographic.eu\/projects\/carewell-tf\/\">Carewell-TF<\/a>\u00a0(https:\/\/jp-demographic.eu\/projects\/carewell-tf\/) e investigadora del proyecto europeo \u00a0<a href=\"https:\/\/webs.uab.cat\/incasi\/\">INCASI 2<\/a>\u00a0(https:\/\/webs.uab.cat\/incasi\/).<\/p>\n<p>Hasta la fecha ha participado en 10 proyectos, europeos, del plan nacional y auton\u00f3micos. Ha realizado estancias de investigaci\u00f3n en distintas instituciones internacionales, la University of Leeds (Reino Unido), el COLEF (M\u00e9xico), la Universidade de S\u00e3o Paulo (Brasil), Aix-Marseille Universit\u00e9 (Francia), entre otras. Ha publicado diversos art\u00edculos en revistas de impacto y cap\u00edtulos de libro en editoriales de prestigio.<\/p>\n<p>Los intereses de investigaci\u00f3n de Andrea incluyen las migraciones de las mujeres del Sur global,\u00a0las intersecciones entre las identidades etnosexuales, la pol\u00edtica migratoria y los mercados laborales y matrimoniales\u00a0 transnacionales.\u00a0Las din\u00e1micas de sexualizaci\u00f3n\/racializaci\u00f3n,\u00a0 los procesos de fronterizaci\u00f3n f\u00edsica y simb\u00f3lica y la violencia de frontera son temas transversales en su labor investigadora.<\/p>\n<p><strong><a href=\"mailto:andrea.souto@udc.es\">andrea.souto@udc.es<\/a><\/strong>[\/vc_column_text][\/vc_column][\/vc_row]<\/p>\n","protected":false},"excerpt":{"rendered":"<p>[vc_row][vc_column][vc_column_text css=&#8221;.vc_custom_1737724701846{padding-bottom: 2% !important;}&#8221;][\/vc_column_text][vc_column_text]Andrea Souto es doctora en Ciencias Sociales y del Comportamiento -con menci\u00f3n internacional- por la Universidade da Coru\u00f1a (2022). Tiene un M\u00e1ster en Migraciones Internacionales por la Universt\u00e9 de Poitiers, Francia (2016) y es graduada en Sociolog\u00eda por la Universidade da Coru\u00f1a (2014), donde es tambi\u00e9n profesora sustituta en la Facultad de [&hellip;]<\/p>\n","protected":false},"author":1,"featured_media":0,"parent":0,"menu_order":0,"comment_status":"closed","ping_status":"closed","template":"","meta":{"footnotes":""},"class_list":["post-225","page","type-page","status-publish","hentry"],"_links":{"self":[{"href":"https:\/\/www.carewell.es\/index.php\/wp-json\/wp\/v2\/pages\/225","targetHints":{"allow":["GET"]}}],"collection":[{"href":"https:\/\/www.carewell.es\/index.php\/wp-json\/wp\/v2\/pages"}],"about":[{"href":"https:\/\/www.carewell.es\/index.php\/wp-json\/wp\/v2\/types\/page"}],"author":[{"embeddable":true,"href":"https:\/\/www.carewell.es\/index.php\/wp-json\/wp\/v2\/users\/1"}],"replies":[{"embeddable":true,"href":"https:\/\/www.carewell.es\/index.php\/wp-json\/wp\/v2\/comments?post=225"}],"version-history":[{"count":2,"href":"https:\/\/www.carewell.es\/index.php\/wp-json\/wp\/v2\/pages\/225\/revisions"}],"predecessor-version":[{"id":228,"href":"https:\/\/www.carewell.es\/index.php\/wp-json\/wp\/v2\/pages\/225\/revisions\/228"}],"wp:attachment":[{"href":"https:\/\/www.carewell.es\/index.php\/wp-json\/wp\/v2\/media?parent=225"}],"curies":[{"name":"wp","href":"https:\/\/api.w.org\/{rel}","templated":true}]}}