{"id":222,"date":"2025-01-24T13:16:49","date_gmt":"2025-01-24T13:16:49","guid":{"rendered":"https:\/\/www.carewell.es\/?page_id=222"},"modified":"2025-01-24T13:16:49","modified_gmt":"2025-01-24T13:16:49","slug":"montserrat-golias-perez","status":"publish","type":"page","link":"https:\/\/www.carewell.es\/index.php\/montserrat-golias-perez\/","title":{"rendered":"Montserrat Gol\u00edas P\u00e9rez"},"content":{"rendered":"<p>[vc_row][vc_column][vc_column_text css=&#8221;.vc_custom_1737724605894{padding-bottom: 2% !important;}&#8221;]<img decoding=\"async\" class=\"alignnone wp-image-223 size-thumbnail\" src=\"http:\/\/www.carewell.es\/wp-content\/uploads\/2025\/01\/Montse_golias-150x150.jpg\" alt=\"\" width=\"150\" height=\"150\" srcset=\"https:\/\/www.carewell.es\/wp-content\/uploads\/2025\/01\/Montse_golias-150x150.jpg 150w, https:\/\/www.carewell.es\/wp-content\/uploads\/2025\/01\/Montse_golias-300x300.jpg 300w, https:\/\/www.carewell.es\/wp-content\/uploads\/2025\/01\/Montse_golias.jpg 500w\" sizes=\"(max-width: 150px) 100vw, 150px\" \/>[\/vc_column_text]<h3 class=\"grve-element grve-title grve-align-left grve-h3\" style=\"\"><span><strong>Montserrat Gol\u00edas P\u00e9rez<\/strong><span class=\"grve-title-line grve-bg-primary-1\" style=\"width: 250px;height: 2px;\"><\/span><\/span><\/h3>[vc_column_text]Doctora en Sociolog\u00eda y M\u00e1ster Universitario en Migraciones internacionales, especializada en pol\u00edticas migratorias, investigaci\u00f3n y mediaci\u00f3n intercultural. Forma parte del ESOMI desde su fundaci\u00f3n, participando en m\u00e1s de una treintena de proyectos de investigaci\u00f3n competitivos y contratos de transferencia (auton\u00f3micos, estatales y europeos) y cuenta con 1 sexenio de investigaci\u00f3n. Desde el a\u00f1o 2015 se incorpora como docente en el Departamento de Sociolog\u00eda y Ciencias de la Comunicaci\u00f3n de la Universidad de A Coru\u00f1a, en el que es Profesora Contratada Doctora.<\/p>\n<p>En el \u00e1mbito de gesti\u00f3n acad\u00e9mico-docente, ha ocupado diferentes cargos en la Facultad de Sociolox\u00eda de la UDC: Vicedecana de Calidad (2019-2021), Secretaria Acad\u00e9mica (2017-2019), Coordinadora del Grado en Sociolog\u00eda (2021), Coordinadora del Plan de Acci\u00f3n Tutorial (2017-2021) y Representante de Igualdad (2020-2023).\u00a0\u00a0\u00a0 Tambi\u00e9n ha formado parte del Comit\u00e9 Green Campus de la Facultad de Sociolog\u00eda (2018-2021) y del Grupo de Innovaci\u00f3n Docente \u201cConCienciaSocial\u201d sobre sostenibilidad y responsabilidad Social. Entre las diversas acciones realizadas cabe destacar la experiencia de autoconstrucci\u00f3n colaborativa publicada en\u00a0<em>International Journal of Sustainability in Higher Education<\/em>: Martinez-Buj\u00e1n, R., Santiago-G\u00f3mez, E., Diz, C., Cortes-Vazquez, J.A. and Gol\u00edas, M. (2020), \u00abCampus greening from social sciences: emerging formulas on social responsibility and teaching innovation\u00bb, Vol. 21 No. 7, pp. 1545-1561.<\/p>\n<p>Obtuvo su t\u00edtulo de doctora (2014) en el Departamento de Sociolog\u00eda y Ciencias de la Administraci\u00f3n de la UDC, obteniendo la calificaci\u00f3n de Sobresaliente cum laude por unanimidad. Su tesis, dirigida por el Catedr\u00e1tico de Sociolog\u00eda Antonio Izquierdo, analiza los flujos migratorios como consecuencia de la onda expansiva de las migraciones hist\u00f3ricas. Se centra en el estudio de la transmisi\u00f3n de un doble legado en el seno de las familias migrantes de generaci\u00f3n en generaci\u00f3n.\u00a0 El material que se concreta en el v\u00ednculo legal a Espa\u00f1a, es decir la nacionalidad espa\u00f1ola que ofrece derechos y ampl\u00eda la movilidad; y el simb\u00f3lico, la identidad recibida a trav\u00e9s de la memoria hist\u00f3rica y familiar, recuerdo de la emigraci\u00f3n por necesidad y persecuci\u00f3n pol\u00edtica. En esta confluencia entre movilidades y memoria hist\u00f3rica, sobresalen su libro Los Herederos de la Ciudadan\u00eda (Editorial Icaria, 2017), adem\u00e1s de los cap\u00edtulos \u201cArgentina. La Ley de Nietos\u201d y \u201cCuba. Migraciones de Ida y Vuelta\u201d, incluidos en la obra colaborativa Izquierdo (Ed., 2011) La Migraci\u00f3n de la Memoria Hist\u00f3rica publicada por Bellaterra; o \u201cThe Grandchildren of Galicia: Lived and Imagined Citizenship\u201d en DePalma, R., P\u00e9rez-Caram\u00e9s, A. (eds) Galician Migrations: A Case Study of Emerging Super-diversity. Migration, Minorities and Modernity, vol 3. Springer, Cham.\u00a0 Ha realizado estancias en centros de investigaci\u00f3n internacionales, la m\u00e1s reciente en el Instituto de Investigaciones Gino Germani de la Universidad de Buenos Aires en el marco del Proyecto INCASI.\u00a0 En la actualidad incorpora el estudio de las movilidades intraeuropeas desde una perspectiva interseccional, liderando junto a Anastasia Berm\u00fadez (Universidad de Sevilla), el proyecto \u201cIntersecting crises post-2020 and impact on intra-EU (im)mobilities: Spanish transmigrants\u2019 labour and family strategies\u201d (Proyectos de Generaci\u00f3n de Conocimiento 2022 (Investigaci\u00f3n Orientada Tipo B) Subprograma Estatal de Generaci\u00f3n de Conocimiento. Ministerio de Ciencia e Innovaci\u00f3n, Agencia Estatal de Investigaci\u00f3n).<\/p>\n<p>En el campo de la transferencia, ha participado en contratos de investigaci\u00f3n con diversas instituciones entre los que podemos resaltar el estudio \u201cMareas de Pluralismo\u201d, sobre las Minor\u00edas Religiosas en Galicia (Fundaci\u00f3n Pluralismo y Convivencia) o el Informe Piloto Sobre la Brecha Salarial de G\u00e9nero en las Universidades P\u00fablicas Espa\u00f1olas (Ministerio de Universidades y ANECA). A\u00f1adimos adem\u00e1s colaboraciones con el tercer sector, como el Impacto de las Migraciones en Galicia (Ecos do Sur) y Cruce de Caminos (CEPAIM) ambos dirigidos por Laura Oso y centrados en el espacio rural y \u00e1reas despobladas.<\/p>\n<p><strong><a href=\"mailto:montserrat.golias@udc.es\" target=\"_blank\" rel=\"noopener\">montserrat.golias@udc.es<\/a><\/strong>[\/vc_column_text][\/vc_column][\/vc_row]<\/p>\n","protected":false},"excerpt":{"rendered":"<p>[vc_row][vc_column][vc_column_text css=&#8221;.vc_custom_1737724605894{padding-bottom: 2% !important;}&#8221;][\/vc_column_text][vc_column_text]Doctora en Sociolog\u00eda y M\u00e1ster Universitario en Migraciones internacionales, especializada en pol\u00edticas migratorias, investigaci\u00f3n y mediaci\u00f3n intercultural. Forma parte del ESOMI desde su fundaci\u00f3n, participando en m\u00e1s de una treintena de proyectos de investigaci\u00f3n competitivos y contratos de transferencia (auton\u00f3micos, estatales y europeos) y cuenta con 1 sexenio de investigaci\u00f3n. Desde el [&hellip;]<\/p>\n","protected":false},"author":1,"featured_media":0,"parent":0,"menu_order":0,"comment_status":"closed","ping_status":"closed","template":"","meta":{"footnotes":""},"class_list":["post-222","page","type-page","status-publish","hentry"],"_links":{"self":[{"href":"https:\/\/www.carewell.es\/index.php\/wp-json\/wp\/v2\/pages\/222","targetHints":{"allow":["GET"]}}],"collection":[{"href":"https:\/\/www.carewell.es\/index.php\/wp-json\/wp\/v2\/pages"}],"about":[{"href":"https:\/\/www.carewell.es\/index.php\/wp-json\/wp\/v2\/types\/page"}],"author":[{"embeddable":true,"href":"https:\/\/www.carewell.es\/index.php\/wp-json\/wp\/v2\/users\/1"}],"replies":[{"embeddable":true,"href":"https:\/\/www.carewell.es\/index.php\/wp-json\/wp\/v2\/comments?post=222"}],"version-history":[{"count":1,"href":"https:\/\/www.carewell.es\/index.php\/wp-json\/wp\/v2\/pages\/222\/revisions"}],"predecessor-version":[{"id":224,"href":"https:\/\/www.carewell.es\/index.php\/wp-json\/wp\/v2\/pages\/222\/revisions\/224"}],"wp:attachment":[{"href":"https:\/\/www.carewell.es\/index.php\/wp-json\/wp\/v2\/media?parent=222"}],"curies":[{"name":"wp","href":"https:\/\/api.w.org\/{rel}","templated":true}]}}