{"id":214,"date":"2025-01-24T13:12:23","date_gmt":"2025-01-24T13:12:23","guid":{"rendered":"https:\/\/www.carewell.es\/?page_id=214"},"modified":"2025-01-24T13:12:23","modified_gmt":"2025-01-24T13:12:23","slug":"paloma-more-corral","status":"publish","type":"page","link":"https:\/\/www.carewell.es\/index.php\/paloma-more-corral\/","title":{"rendered":"Paloma Mor\u00e9 Corral"},"content":{"rendered":"<p>[vc_row][vc_column][vc_column_text css=&#8221;.vc_custom_1737724316091{padding-bottom: 2% !important;}&#8221;]<img decoding=\"async\" class=\"alignnone wp-image-215 size-thumbnail\" src=\"http:\/\/www.carewell.es\/wp-content\/uploads\/2025\/01\/paloma_more-150x150.jpg\" alt=\"\" width=\"150\" height=\"150\" srcset=\"https:\/\/www.carewell.es\/wp-content\/uploads\/2025\/01\/paloma_more-150x150.jpg 150w, https:\/\/www.carewell.es\/wp-content\/uploads\/2025\/01\/paloma_more-300x300.jpg 300w, https:\/\/www.carewell.es\/wp-content\/uploads\/2025\/01\/paloma_more.jpg 500w\" sizes=\"(max-width: 150px) 100vw, 150px\" \/>[\/vc_column_text]<h3 class=\"grve-element grve-title grve-align-left grve-h3\" style=\"\"><span><strong>Paloma Mor\u00e9 Corral<\/strong><span class=\"grve-title-line grve-bg-primary-1\" style=\"width: 250px;height: 2px;\"><\/span><\/span><\/h3>[vc_column_text]Paloma Mor\u00e9 Corral es Profesora Titular en la Facultade de Sociolox\u00eda de la Universidade da Coru\u00f1a. Ha sido investigadora postdoctoral en la Universidad Aix-Marseille (Francia) en el Laboratorio de Estudios de Excelencia sobre la regi\u00f3n Mediterr\u00e1nea (LABEXMED). Cuenta con un sexenio de investigaci\u00f3n (2012-2018).<\/p>\n<p>Su tesis doctoral (2015, Universidad Complutense de Madrid) analiz\u00f3 los distintos empleos de cuidados a personas mayores en Espa\u00f1a y Francia y ha sido publicada con el t\u00edtulo \u201cMigraciones y cuidados a personas mayores en las grandes ciudades\u201d (2017) en la colecci\u00f3n Monograf\u00edas del Centro de Investigaciones Sociol\u00f3gicas.<\/p>\n<p>Sus principales l\u00edneas de investigaci\u00f3n son la organizaci\u00f3n social de los cuidados; trabajo y \u00e9tica del cuidado; bienestar social y pol\u00edticas de cuidados; g\u00e9nero, migraciones internacionales, trabajo de cuidados y curso de vida; procesos de envejecimiento y movilidades; din\u00e1micas de protecci\u00f3n social transnacional; precariedad en los mercados de trabajo. Concretamente, sus \u00faltimas investigaciones se centran en analizar el sector de los cuidados en centros residenciales para personas mayores y la intermediaci\u00f3n de agencias y plataformas digitales en el empleo de hogar.<\/p>\n<p>Desde que comenzara el doctorado en 2010 ha participado como equipo de investigaci\u00f3n o trabajo en 7 proyectos financiados en convocatorias competitivas a nivel estatal o europeo, entre ellas 4 proyectos del Plan Estatal de Investigaci\u00f3n. Entre sus \u00faltimas publicaciones destacan: \u00abHome care for profit: Intermediary agencies and digital platforms brokering migrant women\u2019s labour in Spain\u00bb (2024. Curreny Sociology; con R. Mart\u00ednez-Buj\u00e1n). \u201cMigration, ageing and transnational care arrangements of Ecuadorian care workers in Spain\u201d (2021.\u00a0Population, Space and Place). \u201cMigrations, care work and social risks: the contradictions of welfare in the context of Covid-19\u201d\u00a0(2021. Migraciones; con R. Mart\u00ednez-Buj\u00e1n). \u201cCuidados y crisis del coronavirus: el trabajo invisible que sostiene la vida\u201d (2020. Revista Espa\u00f1ola de Sociolog\u00eda).<\/p>\n<p>Ha realizado estancias de investigaci\u00f3n en: CIRCLE (Centre for International Research on Care, Labour and Equalities, University of Leeds); COMPAS (Centre on Migration, Policy and Society, University of Oxford); CRESPPA-GTM (Centre de Recherches Sociologiques et Politiques de Paris, CNRS)<\/p>\n<p>[\/vc_column_text][\/vc_column][\/vc_row]<\/p>\n","protected":false},"excerpt":{"rendered":"<p>[vc_row][vc_column][vc_column_text css=&#8221;.vc_custom_1737724316091{padding-bottom: 2% !important;}&#8221;][\/vc_column_text][vc_column_text]Paloma Mor\u00e9 Corral es Profesora Titular en la Facultade de Sociolox\u00eda de la Universidade da Coru\u00f1a. Ha sido investigadora postdoctoral en la Universidad Aix-Marseille (Francia) en el Laboratorio de Estudios de Excelencia sobre la regi\u00f3n Mediterr\u00e1nea (LABEXMED). Cuenta con un sexenio de investigaci\u00f3n (2012-2018). Su tesis doctoral (2015, Universidad Complutense de Madrid) [&hellip;]<\/p>\n","protected":false},"author":1,"featured_media":0,"parent":0,"menu_order":0,"comment_status":"closed","ping_status":"closed","template":"","meta":{"footnotes":""},"class_list":["post-214","page","type-page","status-publish","hentry"],"_links":{"self":[{"href":"https:\/\/www.carewell.es\/index.php\/wp-json\/wp\/v2\/pages\/214","targetHints":{"allow":["GET"]}}],"collection":[{"href":"https:\/\/www.carewell.es\/index.php\/wp-json\/wp\/v2\/pages"}],"about":[{"href":"https:\/\/www.carewell.es\/index.php\/wp-json\/wp\/v2\/types\/page"}],"author":[{"embeddable":true,"href":"https:\/\/www.carewell.es\/index.php\/wp-json\/wp\/v2\/users\/1"}],"replies":[{"embeddable":true,"href":"https:\/\/www.carewell.es\/index.php\/wp-json\/wp\/v2\/comments?post=214"}],"version-history":[{"count":1,"href":"https:\/\/www.carewell.es\/index.php\/wp-json\/wp\/v2\/pages\/214\/revisions"}],"predecessor-version":[{"id":216,"href":"https:\/\/www.carewell.es\/index.php\/wp-json\/wp\/v2\/pages\/214\/revisions\/216"}],"wp:attachment":[{"href":"https:\/\/www.carewell.es\/index.php\/wp-json\/wp\/v2\/media?parent=214"}],"curies":[{"name":"wp","href":"https:\/\/api.w.org\/{rel}","templated":true}]}}