{"id":209,"date":"2025-01-24T13:08:40","date_gmt":"2025-01-24T13:08:40","guid":{"rendered":"https:\/\/www.carewell.es\/?page_id=209"},"modified":"2025-01-24T13:12:40","modified_gmt":"2025-01-24T13:12:40","slug":"raquel-martinez-bujan","status":"publish","type":"page","link":"https:\/\/www.carewell.es\/index.php\/raquel-martinez-bujan\/","title":{"rendered":"Raquel Mart\u00ednez Buj\u00e1n"},"content":{"rendered":"<p>[vc_row][vc_column][vc_column_text css=&#8221;.vc_custom_1737724048529{padding-bottom: 2% !important;}&#8221;]<img decoding=\"async\" class=\"alignnone wp-image-210 size-thumbnail\" src=\"http:\/\/www.carewell.es\/wp-content\/uploads\/2025\/01\/Raquel_martinez-150x150.jpg\" alt=\"\" width=\"150\" height=\"150\" srcset=\"https:\/\/www.carewell.es\/wp-content\/uploads\/2025\/01\/Raquel_martinez-150x150.jpg 150w, https:\/\/www.carewell.es\/wp-content\/uploads\/2025\/01\/Raquel_martinez-300x300.jpg 300w, https:\/\/www.carewell.es\/wp-content\/uploads\/2025\/01\/Raquel_martinez.jpg 500w\" sizes=\"(max-width: 150px) 100vw, 150px\" \/>[\/vc_column_text]<h3 class=\"grve-element grve-title grve-align-left grve-h3\" style=\"\"><span><strong>Raquel Mart\u00ednez Buj\u00e1n<\/strong><span class=\"grve-title-line grve-bg-primary-1\" style=\"width: 250px;height: 2px;\"><\/span><\/span><\/h3>[vc_column_text]Raquel Mart\u00ednez Buj\u00e1n es Profesora Titular en el Departamento de Sociolox\u00eda e Ciencias da Comunicaci\u00f3n de la Universidade da Coru\u00f1a. Cuenta con 3 sexenios de investigaci\u00f3n y 1 de transferencia. Ha sido Decana de este centro acad\u00e9mico (2017-2021) y Gestora en el Panel de Ciencias Sociales de la Agencia Estatal de Investigaci\u00f3n (2021-2023), en donde ha realizado, tanto labores de evaluaci\u00f3n y seguimiento de proyectos de investigaci\u00f3n competitivos, como de las convocatorias de Recursos Humanos financiadas por el Ministerio de Ciencia, Innovaci\u00f3n y Universidades. En la actualidad es coordinadora del Equipo de investigaci\u00f3n ESOMI (Equipo Investigaci\u00f3n Sociedades en Movimiento).<\/p>\n<p>Doctora en Sociolog\u00eda (2008, UDC), su trabajo de investigaci\u00f3n se ha dirigido al \u00e1mbito de las Migraciones Internacionales, la Sociolog\u00eda del Cuidado y la Familia, y el an\u00e1lisis de las Pol\u00edticas P\u00fablicas y Sociales. Desde el inicio de su trayectoria acad\u00e9mica su foco de atenci\u00f3n investigador ha estado centrado en el an\u00e1lisis de los flujos migratorios femeninos y las necesidades de cuidados dentro de las familias. La aproximaci\u00f3n a este objeto de estudio se ha desarrollado dentro del contexto de la pol\u00edtica social analizando el impacto de los programas p\u00fablicos orientados a los cuidados de larga duraci\u00f3n en la creaci\u00f3n de un mercado laboral irregular basado en la mano de obra de las mujeres migrantes contratadas como empleadas de hogar. Recientemente, su trabajo se ha centrado en caracterizar el \u00e1mbito comunitario de la organizaci\u00f3n social del cuidado, por lo que su inter\u00e9s se ha trasladado al estudio de la sostenibilidad de la vida. En la actualidad, su atenci\u00f3n investigadora se concentra en explorar las recientes din\u00e1micas de comercializaci\u00f3n y corporatizaci\u00f3n de la provisi\u00f3n de los cuidados a trav\u00e9s de agencias de intermediaci\u00f3n, plataformas digitales y cooperativas de trabajadoras. As\u00ed mismo, mantiene activa una l\u00ednea de trabajo sobre la privatizaci\u00f3n de las residencias de personas mayores y en situaci\u00f3n de dependencia. Ha realizado diversas estancias de investigaci\u00f3n que han enriquecido su bagaje profesional y ampliado sus redes internacionales de colaboraci\u00f3n. La \u00faltima de ellas se ha desarrollado en la Universit\u00e1 Ca\u2019Foscari de Venecia (junio-diciembre 2023) financiada por el prestigioso Programa de Movilidad Salvador de Madariaga.<\/p>\n<p>Ha sido investigadora principal de 3 proyectos del Programa Nacional de I+D+i. El \u00faltimo de ellos se titula, \u201c<a href=\"http:\/\/www.caremodelcom.es\/\" target=\"_blank\" rel=\"noopener\">El modelo de cuidados de larga duraci\u00f3n en transici\u00f3n: la articulaci\u00f3n de programas comunitarios en el sistema p\u00fablico de bienestar tras la Covid-19<\/a>\u201d, (PID2020-114887RB-C33), per\u00edodo 2021-2025. Tambi\u00e9n participa activamente con proyectos vinculados a la transferencia a instituciones p\u00fablicas, entre los que destacan su actual colaboraci\u00f3n con la realizaci\u00f3n de los \u201cInformes sobre exclusi\u00f3n y desarrollo social\u201d de la Fundaci\u00f3n Foessa y la \u201cEvaluaci\u00f3n del sistema de promoci\u00f3n de la autonom\u00eda personal y atenci\u00f3n a las personas en situaci\u00f3n en Dependencia\u201d financiado por el Ministerio de Derechos Sociales y Agenda 2030.<\/p>\n<p>Sus trabajos tienen un elevado impacto cient\u00edfico (\u00cdndice h=22; Citas=2.169, cifras Google Scholar) y, entre sus \u00faltimas publicaciones, se incluyen: \u00abHome care for profit: Intermediary agencies and digital platforms brokering migrant women\u2019s labour in Spain\u00bb (2024.\u00a0Curreny Sociology; con P. Mor\u00e9); \u201cWelfare Paradoxes and Interpersonal Pacts: Transnational Social Protection of Latin American Migrants in Spain\u201d (Social Inclusion; con L. Oso); \u201cMigrations, care work and social risks: the contradictions of welfare in the context of Covid-19\u201d (Migraciones; con P. Mor\u00e9).\u00a0Es miembro del Comit\u00e9 Editorial de las revistas Papers y Cuadernos de Relaciones Laborales.<\/p>\n<p><strong><a href=\"mailto:raquel.bujan@udc.es\">raquel.bujan@udc.es<\/a><\/strong>[\/vc_column_text][\/vc_column][\/vc_row]<\/p>\n","protected":false},"excerpt":{"rendered":"<p>[vc_row][vc_column][vc_column_text css=&#8221;.vc_custom_1737724048529{padding-bottom: 2% !important;}&#8221;][\/vc_column_text][vc_column_text]Raquel Mart\u00ednez Buj\u00e1n es Profesora Titular en el Departamento de Sociolox\u00eda e Ciencias da Comunicaci\u00f3n de la Universidade da Coru\u00f1a. Cuenta con 3 sexenios de investigaci\u00f3n y 1 de transferencia. Ha sido Decana de este centro acad\u00e9mico (2017-2021) y Gestora en el Panel de Ciencias Sociales de la Agencia Estatal de Investigaci\u00f3n [&hellip;]<\/p>\n","protected":false},"author":1,"featured_media":0,"parent":0,"menu_order":0,"comment_status":"closed","ping_status":"closed","template":"","meta":{"footnotes":""},"class_list":["post-209","page","type-page","status-publish","hentry"],"_links":{"self":[{"href":"https:\/\/www.carewell.es\/index.php\/wp-json\/wp\/v2\/pages\/209","targetHints":{"allow":["GET"]}}],"collection":[{"href":"https:\/\/www.carewell.es\/index.php\/wp-json\/wp\/v2\/pages"}],"about":[{"href":"https:\/\/www.carewell.es\/index.php\/wp-json\/wp\/v2\/types\/page"}],"author":[{"embeddable":true,"href":"https:\/\/www.carewell.es\/index.php\/wp-json\/wp\/v2\/users\/1"}],"replies":[{"embeddable":true,"href":"https:\/\/www.carewell.es\/index.php\/wp-json\/wp\/v2\/comments?post=209"}],"version-history":[{"count":3,"href":"https:\/\/www.carewell.es\/index.php\/wp-json\/wp\/v2\/pages\/209\/revisions"}],"predecessor-version":[{"id":217,"href":"https:\/\/www.carewell.es\/index.php\/wp-json\/wp\/v2\/pages\/209\/revisions\/217"}],"wp:attachment":[{"href":"https:\/\/www.carewell.es\/index.php\/wp-json\/wp\/v2\/media?parent=209"}],"curies":[{"name":"wp","href":"https:\/\/api.w.org\/{rel}","templated":true}]}}